{"id":676,"date":"2024-02-17T16:31:39","date_gmt":"2024-02-17T14:31:39","guid":{"rendered":"https:\/\/www.probike-messerli.ch\/?page_id=676"},"modified":"2024-02-17T16:31:39","modified_gmt":"2024-02-17T14:31:39","slug":"noi-ufbouts-puch-maxi-s-lg1","status":"publish","type":"page","link":"https:\/\/www.probike-messerli.ch\/?page_id=676&lang=brn","title":{"rendered":"N\u00f6i ufbouts Puch Maxi-S Lg1"},"content":{"rendered":"\n<p>Rahm\u00e4 u F\u00e4ug\u00e4 si pulverbeschichtet worde.<br>Motor komplett fr\u00fcsch ufbout.<br>Fertiggesteut: 23.12.2023<\/p>\n\n\n\n<p>Weihnachtsgesch\u00e4nk f\u00fcrnes 14-j\u00e4hriges Meitschi.<\/p>\n\n\n\n<figure class=\"wp-block-image size-large\"><img loading=\"lazy\" decoding=\"async\" width=\"1024\" height=\"768\" src=\"https:\/\/www.probike-messerli.ch\/wp-content\/uploads\/2024\/02\/IMG20231220172508-2-1024x768.jpg\" alt=\"\" class=\"wp-image-643\" srcset=\"https:\/\/www.probike-messerli.ch\/wp-content\/uploads\/2024\/02\/IMG20231220172508-2-1024x768.jpg 1024w, https:\/\/www.probike-messerli.ch\/wp-content\/uploads\/2024\/02\/IMG20231220172508-2-300x225.jpg 300w, https:\/\/www.probike-messerli.ch\/wp-content\/uploads\/2024\/02\/IMG20231220172508-2-768x576.jpg 768w, https:\/\/www.probike-messerli.ch\/wp-content\/uploads\/2024\/02\/IMG20231220172508-2-1536x1152.jpg 1536w, https:\/\/www.probike-messerli.ch\/wp-content\/uploads\/2024\/02\/IMG20231220172508-2.jpg 2048w\" sizes=\"(max-width: 1024px) 100vw, 1024px\" \/><\/figure>\n\n\n\n<div style=\"height:20px\" aria-hidden=\"true\" class=\"wp-block-spacer\"><\/div>\n\n\n\n<figure class=\"wp-block-gallery has-nested-images columns-default is-cropped wp-block-gallery-1 is-layout-flex wp-block-gallery-is-layout-flex\">\n<figure class=\"wp-block-image size-large\"><img loading=\"lazy\" decoding=\"async\" width=\"768\" height=\"1024\" data-id=\"666\" src=\"https:\/\/www.probike-messerli.ch\/wp-content\/uploads\/2024\/02\/IMG20231130165403-768x1024.jpg\" alt=\"\" class=\"wp-image-666\" srcset=\"https:\/\/www.probike-messerli.ch\/wp-content\/uploads\/2024\/02\/IMG20231130165403-768x1024.jpg 768w, https:\/\/www.probike-messerli.ch\/wp-content\/uploads\/2024\/02\/IMG20231130165403-225x300.jpg 225w, https:\/\/www.probike-messerli.ch\/wp-content\/uploads\/2024\/02\/IMG20231130165403-1152x1536.jpg 1152w, https:\/\/www.probike-messerli.ch\/wp-content\/uploads\/2024\/02\/IMG20231130165403.jpg 1536w\" sizes=\"(max-width: 768px) 100vw, 768px\" \/><\/figure>\n\n\n\n<figure class=\"wp-block-image size-large\"><img loading=\"lazy\" decoding=\"async\" width=\"768\" height=\"1024\" data-id=\"668\" src=\"https:\/\/www.probike-messerli.ch\/wp-content\/uploads\/2024\/02\/IMG20231212164027-768x1024.jpg\" alt=\"\" class=\"wp-image-668\" srcset=\"https:\/\/www.probike-messerli.ch\/wp-content\/uploads\/2024\/02\/IMG20231212164027-768x1024.jpg 768w, https:\/\/www.probike-messerli.ch\/wp-content\/uploads\/2024\/02\/IMG20231212164027-225x300.jpg 225w, https:\/\/www.probike-messerli.ch\/wp-content\/uploads\/2024\/02\/IMG20231212164027-1152x1536.jpg 1152w, https:\/\/www.probike-messerli.ch\/wp-content\/uploads\/2024\/02\/IMG20231212164027.jpg 1536w\" sizes=\"(max-width: 768px) 100vw, 768px\" \/><\/figure>\n\n\n\n<figure class=\"wp-block-image size-large\"><img loading=\"lazy\" decoding=\"async\" width=\"768\" height=\"1024\" data-id=\"667\" src=\"https:\/\/www.probike-messerli.ch\/wp-content\/uploads\/2024\/02\/IMG20231218190557-768x1024.jpg\" alt=\"\" class=\"wp-image-667\" srcset=\"https:\/\/www.probike-messerli.ch\/wp-content\/uploads\/2024\/02\/IMG20231218190557-768x1024.jpg 768w, https:\/\/www.probike-messerli.ch\/wp-content\/uploads\/2024\/02\/IMG20231218190557-225x300.jpg 225w, https:\/\/www.probike-messerli.ch\/wp-content\/uploads\/2024\/02\/IMG20231218190557-1152x1536.jpg 1152w, https:\/\/www.probike-messerli.ch\/wp-content\/uploads\/2024\/02\/IMG20231218190557.jpg 1536w\" sizes=\"(max-width: 768px) 100vw, 768px\" \/><\/figure>\n\n\n\n<figure class=\"wp-block-image size-large\"><img loading=\"lazy\" decoding=\"async\" width=\"768\" height=\"1024\" data-id=\"664\" src=\"https:\/\/www.probike-messerli.ch\/wp-content\/uploads\/2024\/02\/IMG20231218190603-768x1024.jpg\" alt=\"\" class=\"wp-image-664\" srcset=\"https:\/\/www.probike-messerli.ch\/wp-content\/uploads\/2024\/02\/IMG20231218190603-768x1024.jpg 768w, https:\/\/www.probike-messerli.ch\/wp-content\/uploads\/2024\/02\/IMG20231218190603-225x300.jpg 225w, https:\/\/www.probike-messerli.ch\/wp-content\/uploads\/2024\/02\/IMG20231218190603-1152x1536.jpg 1152w, https:\/\/www.probike-messerli.ch\/wp-content\/uploads\/2024\/02\/IMG20231218190603.jpg 1536w\" sizes=\"(max-width: 768px) 100vw, 768px\" \/><\/figure>\n\n\n\n<figure class=\"wp-block-image size-large\"><img loading=\"lazy\" decoding=\"async\" width=\"768\" height=\"1024\" data-id=\"669\" src=\"https:\/\/www.probike-messerli.ch\/wp-content\/uploads\/2024\/02\/IMG20231219181006-768x1024.jpg\" alt=\"\" class=\"wp-image-669\" srcset=\"https:\/\/www.probike-messerli.ch\/wp-content\/uploads\/2024\/02\/IMG20231219181006-768x1024.jpg 768w, https:\/\/www.probike-messerli.ch\/wp-content\/uploads\/2024\/02\/IMG20231219181006-225x300.jpg 225w, https:\/\/www.probike-messerli.ch\/wp-content\/uploads\/2024\/02\/IMG20231219181006-1152x1536.jpg 1152w, https:\/\/www.probike-messerli.ch\/wp-content\/uploads\/2024\/02\/IMG20231219181006.jpg 1536w\" sizes=\"(max-width: 768px) 100vw, 768px\" \/><\/figure>\n\n\n\n<figure class=\"wp-block-image size-large\"><img loading=\"lazy\" decoding=\"async\" width=\"768\" height=\"1024\" data-id=\"672\" src=\"https:\/\/www.probike-messerli.ch\/wp-content\/uploads\/2024\/02\/IMG20231220172612-768x1024.jpg\" alt=\"\" class=\"wp-image-672\" srcset=\"https:\/\/www.probike-messerli.ch\/wp-content\/uploads\/2024\/02\/IMG20231220172612-768x1024.jpg 768w, https:\/\/www.probike-messerli.ch\/wp-content\/uploads\/2024\/02\/IMG20231220172612-225x300.jpg 225w, https:\/\/www.probike-messerli.ch\/wp-content\/uploads\/2024\/02\/IMG20231220172612-1152x1536.jpg 1152w, https:\/\/www.probike-messerli.ch\/wp-content\/uploads\/2024\/02\/IMG20231220172612.jpg 1536w\" sizes=\"(max-width: 768px) 100vw, 768px\" \/><\/figure>\n<\/figure>\n","protected":false},"excerpt":{"rendered":"<p>Rahm\u00e4 u F\u00e4ug\u00e4 si pulverbeschichtet worde.Motor komplett fr\u00fcsch ufbout.Fertiggesteut: 23.12.2023 Weihnachtsgesch\u00e4nk f\u00fcrnes 14-j\u00e4hriges Meitschi.<\/p>\n","protected":false},"author":1,"featured_media":0,"parent":0,"menu_order":0,"comment_status":"closed","ping_status":"closed","template":"","meta":{"footnotes":""},"class_list":["post-676","page","type-page","status-publish","hentry"],"yoast_head":"<!-- This site is optimized with the Yoast SEO plugin v25.6 - https:\/\/yoast.com\/wordpress\/plugins\/seo\/ -->\n<title>N\u00f6i ufbouts Puch Maxi-S Lg1 &#8211; Pro Bike Messerli<\/title>\n<meta name=\"robots\" content=\"index, follow, max-snippet:-1, max-image-preview:large, max-video-preview:-1\" \/>\n<link rel=\"canonical\" href=\"https:\/\/www.probike-messerli.ch\/?page_id=676&lang=brn\" \/>\n<meta property=\"og:locale\" content=\"en_US\" \/>\n<meta property=\"og:type\" content=\"article\" \/>\n<meta property=\"og:title\" content=\"N\u00f6i ufbouts Puch Maxi-S Lg1 &#8211; Pro Bike Messerli\" \/>\n<meta property=\"og:description\" content=\"Rahm\u00e4 u F\u00e4ug\u00e4 si pulverbeschichtet worde.Motor komplett fr\u00fcsch ufbout.Fertiggesteut: 23.12.2023 Weihnachtsgesch\u00e4nk f\u00fcrnes 14-j\u00e4hriges Meitschi.\" \/>\n<meta property=\"og:url\" content=\"https:\/\/www.probike-messerli.ch\/?page_id=676&amp;lang=brn\" \/>\n<meta property=\"og:site_name\" content=\"Pro Bike Messerli\" \/>\n<meta property=\"og:image\" content=\"https:\/\/www.probike-messerli.ch\/wp-content\/uploads\/2024\/02\/IMG20231220172508-2-1024x768.jpg\" \/>\n<meta name=\"twitter:card\" content=\"summary_large_image\" \/>\n<meta name=\"twitter:label1\" content=\"Est. reading time\" \/>\n\t<meta name=\"twitter:data1\" content=\"2 minutes\" \/>\n<script type=\"application\/ld+json\" class=\"yoast-schema-graph\">{\"@context\":\"https:\/\/schema.org\",\"@graph\":[{\"@type\":\"WebPage\",\"@id\":\"https:\/\/www.probike-messerli.ch\/?page_id=676&lang=brn\",\"url\":\"https:\/\/www.probike-messerli.ch\/?page_id=676&lang=brn\",\"name\":\"N\u00f6i ufbouts Puch Maxi-S Lg1 &#8211; Pro Bike Messerli\",\"isPartOf\":{\"@id\":\"https:\/\/www.probike-messerli.ch\/#website\"},\"primaryImageOfPage\":{\"@id\":\"https:\/\/www.probike-messerli.ch\/?page_id=676&lang=brn#primaryimage\"},\"image\":{\"@id\":\"https:\/\/www.probike-messerli.ch\/?page_id=676&lang=brn#primaryimage\"},\"thumbnailUrl\":\"https:\/\/www.probike-messerli.ch\/wp-content\/uploads\/2024\/02\/IMG20231220172508-2-1024x768.jpg\",\"datePublished\":\"2024-02-17T14:31:39+00:00\",\"breadcrumb\":{\"@id\":\"https:\/\/www.probike-messerli.ch\/?page_id=676&lang=brn#breadcrumb\"},\"inLanguage\":\"en-US\",\"potentialAction\":[{\"@type\":\"ReadAction\",\"target\":[\"https:\/\/www.probike-messerli.ch\/?page_id=676&lang=brn\"]}]},{\"@type\":\"ImageObject\",\"inLanguage\":\"en-US\",\"@id\":\"https:\/\/www.probike-messerli.ch\/?page_id=676&lang=brn#primaryimage\",\"url\":\"https:\/\/www.probike-messerli.ch\/wp-content\/uploads\/2024\/02\/IMG20231220172508-2.jpg\",\"contentUrl\":\"https:\/\/www.probike-messerli.ch\/wp-content\/uploads\/2024\/02\/IMG20231220172508-2.jpg\",\"width\":2048,\"height\":1536},{\"@type\":\"BreadcrumbList\",\"@id\":\"https:\/\/www.probike-messerli.ch\/?page_id=676&lang=brn#breadcrumb\",\"itemListElement\":[{\"@type\":\"ListItem\",\"position\":1,\"name\":\"Home\",\"item\":\"https:\/\/www.probike-messerli.ch\/\"},{\"@type\":\"ListItem\",\"position\":2,\"name\":\"N\u00f6i ufbouts Puch Maxi-S Lg1\"}]},{\"@type\":\"WebSite\",\"@id\":\"https:\/\/www.probike-messerli.ch\/#website\",\"url\":\"https:\/\/www.probike-messerli.ch\/\",\"name\":\"Pro Bike Messerli\",\"description\":\"Velo - Mofa - Roller - Motorrad\",\"publisher\":{\"@id\":\"https:\/\/www.probike-messerli.ch\/#organization\"},\"potentialAction\":[{\"@type\":\"SearchAction\",\"target\":{\"@type\":\"EntryPoint\",\"urlTemplate\":\"https:\/\/www.probike-messerli.ch\/?s={search_term_string}\"},\"query-input\":{\"@type\":\"PropertyValueSpecification\",\"valueRequired\":true,\"valueName\":\"search_term_string\"}}],\"inLanguage\":\"en-US\"},{\"@type\":\"Organization\",\"@id\":\"https:\/\/www.probike-messerli.ch\/#organization\",\"name\":\"Pro Bike Messerli\",\"url\":\"https:\/\/www.probike-messerli.ch\/\",\"logo\":{\"@type\":\"ImageObject\",\"inLanguage\":\"en-US\",\"@id\":\"https:\/\/www.probike-messerli.ch\/#\/schema\/logo\/image\/\",\"url\":\"https:\/\/www.probike-messerli.ch\/wp-content\/uploads\/2021\/04\/Pro_Bike_Messerli_schwarz_bkgnd.png\",\"contentUrl\":\"https:\/\/www.probike-messerli.ch\/wp-content\/uploads\/2021\/04\/Pro_Bike_Messerli_schwarz_bkgnd.png\",\"width\":1063,\"height\":1063,\"caption\":\"Pro Bike Messerli\"},\"image\":{\"@id\":\"https:\/\/www.probike-messerli.ch\/#\/schema\/logo\/image\/\"},\"sameAs\":[\"https:\/\/www.instagram.com\/probike_messerli\/\"]}]}<\/script>\n<!-- \/ Yoast SEO plugin. -->","yoast_head_json":{"title":"N\u00f6i ufbouts Puch Maxi-S Lg1 &#8211; Pro Bike Messerli","robots":{"index":"index","follow":"follow","max-snippet":"max-snippet:-1","max-image-preview":"max-image-preview:large","max-video-preview":"max-video-preview:-1"},"canonical":"https:\/\/www.probike-messerli.ch\/?page_id=676&lang=brn","og_locale":"en_US","og_type":"article","og_title":"N\u00f6i ufbouts Puch Maxi-S Lg1 &#8211; Pro Bike Messerli","og_description":"Rahm\u00e4 u F\u00e4ug\u00e4 si pulverbeschichtet worde.Motor komplett fr\u00fcsch ufbout.Fertiggesteut: 23.12.2023 Weihnachtsgesch\u00e4nk f\u00fcrnes 14-j\u00e4hriges Meitschi.","og_url":"https:\/\/www.probike-messerli.ch\/?page_id=676&lang=brn","og_site_name":"Pro Bike Messerli","og_image":[{"url":"https:\/\/www.probike-messerli.ch\/wp-content\/uploads\/2024\/02\/IMG20231220172508-2-1024x768.jpg","type":"","width":"","height":""}],"twitter_card":"summary_large_image","twitter_misc":{"Est. reading time":"2 minutes"},"schema":{"@context":"https:\/\/schema.org","@graph":[{"@type":"WebPage","@id":"https:\/\/www.probike-messerli.ch\/?page_id=676&lang=brn","url":"https:\/\/www.probike-messerli.ch\/?page_id=676&lang=brn","name":"N\u00f6i ufbouts Puch Maxi-S Lg1 &#8211; Pro Bike Messerli","isPartOf":{"@id":"https:\/\/www.probike-messerli.ch\/#website"},"primaryImageOfPage":{"@id":"https:\/\/www.probike-messerli.ch\/?page_id=676&lang=brn#primaryimage"},"image":{"@id":"https:\/\/www.probike-messerli.ch\/?page_id=676&lang=brn#primaryimage"},"thumbnailUrl":"https:\/\/www.probike-messerli.ch\/wp-content\/uploads\/2024\/02\/IMG20231220172508-2-1024x768.jpg","datePublished":"2024-02-17T14:31:39+00:00","breadcrumb":{"@id":"https:\/\/www.probike-messerli.ch\/?page_id=676&lang=brn#breadcrumb"},"inLanguage":"en-US","potentialAction":[{"@type":"ReadAction","target":["https:\/\/www.probike-messerli.ch\/?page_id=676&lang=brn"]}]},{"@type":"ImageObject","inLanguage":"en-US","@id":"https:\/\/www.probike-messerli.ch\/?page_id=676&lang=brn#primaryimage","url":"https:\/\/www.probike-messerli.ch\/wp-content\/uploads\/2024\/02\/IMG20231220172508-2.jpg","contentUrl":"https:\/\/www.probike-messerli.ch\/wp-content\/uploads\/2024\/02\/IMG20231220172508-2.jpg","width":2048,"height":1536},{"@type":"BreadcrumbList","@id":"https:\/\/www.probike-messerli.ch\/?page_id=676&lang=brn#breadcrumb","itemListElement":[{"@type":"ListItem","position":1,"name":"Home","item":"https:\/\/www.probike-messerli.ch\/"},{"@type":"ListItem","position":2,"name":"N\u00f6i ufbouts Puch Maxi-S Lg1"}]},{"@type":"WebSite","@id":"https:\/\/www.probike-messerli.ch\/#website","url":"https:\/\/www.probike-messerli.ch\/","name":"Pro Bike Messerli","description":"Velo - Mofa - Roller - Motorrad","publisher":{"@id":"https:\/\/www.probike-messerli.ch\/#organization"},"potentialAction":[{"@type":"SearchAction","target":{"@type":"EntryPoint","urlTemplate":"https:\/\/www.probike-messerli.ch\/?s={search_term_string}"},"query-input":{"@type":"PropertyValueSpecification","valueRequired":true,"valueName":"search_term_string"}}],"inLanguage":"en-US"},{"@type":"Organization","@id":"https:\/\/www.probike-messerli.ch\/#organization","name":"Pro Bike Messerli","url":"https:\/\/www.probike-messerli.ch\/","logo":{"@type":"ImageObject","inLanguage":"en-US","@id":"https:\/\/www.probike-messerli.ch\/#\/schema\/logo\/image\/","url":"https:\/\/www.probike-messerli.ch\/wp-content\/uploads\/2021\/04\/Pro_Bike_Messerli_schwarz_bkgnd.png","contentUrl":"https:\/\/www.probike-messerli.ch\/wp-content\/uploads\/2021\/04\/Pro_Bike_Messerli_schwarz_bkgnd.png","width":1063,"height":1063,"caption":"Pro Bike Messerli"},"image":{"@id":"https:\/\/www.probike-messerli.ch\/#\/schema\/logo\/image\/"},"sameAs":["https:\/\/www.instagram.com\/probike_messerli\/"]}]}},"_links":{"self":[{"href":"https:\/\/www.probike-messerli.ch\/index.php?rest_route=\/wp\/v2\/pages\/676"}],"collection":[{"href":"https:\/\/www.probike-messerli.ch\/index.php?rest_route=\/wp\/v2\/pages"}],"about":[{"href":"https:\/\/www.probike-messerli.ch\/index.php?rest_route=\/wp\/v2\/types\/page"}],"author":[{"embeddable":true,"href":"https:\/\/www.probike-messerli.ch\/index.php?rest_route=\/wp\/v2\/users\/1"}],"replies":[{"embeddable":true,"href":"https:\/\/www.probike-messerli.ch\/index.php?rest_route=%2Fwp%2Fv2%2Fcomments&post=676"}],"version-history":[{"count":1,"href":"https:\/\/www.probike-messerli.ch\/index.php?rest_route=\/wp\/v2\/pages\/676\/revisions"}],"predecessor-version":[{"id":677,"href":"https:\/\/www.probike-messerli.ch\/index.php?rest_route=\/wp\/v2\/pages\/676\/revisions\/677"}],"wp:attachment":[{"href":"https:\/\/www.probike-messerli.ch\/index.php?rest_route=%2Fwp%2Fv2%2Fmedia&parent=676"}],"curies":[{"name":"wp","href":"https:\/\/api.w.org\/{rel}","templated":true}]}}