{"id":2,"date":"2021-04-07T10:43:33","date_gmt":"2021-04-07T10:43:33","guid":{"rendered":"https:\/\/www.probike-messerli.ch\/?page_id=2"},"modified":"2025-03-20T04:22:20","modified_gmt":"2025-03-20T02:22:20","slug":"sample-page","status":"publish","type":"page","link":"https:\/\/www.probike-messerli.ch\/","title":{"rendered":"Pro Bike Messerli"},"content":{"rendered":"\n<div style=\"height:10px\" aria-hidden=\"true\" class=\"wp-block-spacer\"><\/div>\n\n\n\n<p><\/p><p style=\"font-size:28px\"><strong>Ihr Fachmann f\u00fcr Fahrr\u00e4der, Mofas, Roller und Motorr\u00e4der.<\/strong><\/p><p><\/p>\n\n\n\n\n\n\n\n<div class=\"wp-block-media-text alignwide is-stacked-on-mobile\"><figure class=\"wp-block-media-text__media\"><a href=\"https:\/\/www.probike-messerli.ch\/?p=608\"><img loading=\"lazy\" decoding=\"async\" width=\"1024\" height=\"683\" src=\"https:\/\/www.probike-messerli.ch\/wp-content\/uploads\/2024\/02\/IMG20240215175701-2-1024x683.jpg\" alt=\"\" class=\"wp-image-606 size-full\" srcset=\"https:\/\/www.probike-messerli.ch\/wp-content\/uploads\/2024\/02\/IMG20240215175701-2-1024x683.jpg 1024w, https:\/\/www.probike-messerli.ch\/wp-content\/uploads\/2024\/02\/IMG20240215175701-2-300x200.jpg 300w, https:\/\/www.probike-messerli.ch\/wp-content\/uploads\/2024\/02\/IMG20240215175701-2-768x512.jpg 768w, https:\/\/www.probike-messerli.ch\/wp-content\/uploads\/2024\/02\/IMG20240215175701-2-1536x1024.jpg 1536w, https:\/\/www.probike-messerli.ch\/wp-content\/uploads\/2024\/02\/IMG20240215175701-2.jpg 2048w\" sizes=\"(max-width: 1024px) 100vw, 1024px\" \/><\/a><\/figure><div class=\"wp-block-media-text__content\">\n<p class=\"has-normal-font-size\"><strong>Mofa Puch Maxi-S<\/strong><br>Neu aufgebautes Puch Maxi-S.<br>Rahmen und Felgen wurden pulverbeschichtet.<br>Motor komplett frisch aufgebaut.<\/p>\n\n\n\n<p>Sehen Sie sich <a href=\"https:\/\/www.probike-messerli.ch\/?p=608\">hier<\/a> mehr dazu an.<\/p>\n<\/div><\/div>\n\n\n\n<div style=\"height:20px\" aria-hidden=\"true\" class=\"wp-block-spacer\"><\/div>\n\n\n\n<div class=\"wp-block-media-text alignwide has-media-on-the-right is-stacked-on-mobile\"><div class=\"wp-block-media-text__content\">\n<p class=\"has-normal-font-size\"><strong>YB Meister-Roller<\/strong><br>Neuer Sym Fiddle IV, Euro 5<br>Hubraum: 125 ccm<br>Jahrgang: 2023<\/p>\n\n\n\n<p class=\"has-normal-font-size\">Sehen Sie sich <a href=\"https:\/\/www.probike-messerli.ch\/?p=582\">hier<\/a> mehr dazu an.<\/p>\n<\/div><figure class=\"wp-block-media-text__media\"><img loading=\"lazy\" decoding=\"async\" width=\"900\" height=\"600\" src=\"https:\/\/www.probike-messerli.ch\/wp-content\/uploads\/2023\/06\/Roller_1.jpg\" alt=\"\" class=\"wp-image-579 size-full\" srcset=\"https:\/\/www.probike-messerli.ch\/wp-content\/uploads\/2023\/06\/Roller_1.jpg 900w, https:\/\/www.probike-messerli.ch\/wp-content\/uploads\/2023\/06\/Roller_1-300x200.jpg 300w, https:\/\/www.probike-messerli.ch\/wp-content\/uploads\/2023\/06\/Roller_1-768x512.jpg 768w\" sizes=\"(max-width: 900px) 100vw, 900px\" \/><\/figure><\/div>\n\n\n\n<div style=\"height:20px\" aria-hidden=\"true\" class=\"wp-block-spacer\"><\/div>\n\n\n\n<div class=\"wp-block-media-text alignwide is-stacked-on-mobile\"><figure class=\"wp-block-media-text__media\"><a href=\"https:\/\/www.probike-messerli.ch\/?p=379\"><img loading=\"lazy\" decoding=\"async\" width=\"886\" height=\"591\" src=\"https:\/\/www.probike-messerli.ch\/wp-content\/uploads\/2021\/12\/20211202_140640_web.jpg\" alt=\"\" class=\"wp-image-380 size-full\" srcset=\"https:\/\/www.probike-messerli.ch\/wp-content\/uploads\/2021\/12\/20211202_140640_web.jpg 886w, https:\/\/www.probike-messerli.ch\/wp-content\/uploads\/2021\/12\/20211202_140640_web-300x200.jpg 300w, https:\/\/www.probike-messerli.ch\/wp-content\/uploads\/2021\/12\/20211202_140640_web-768x512.jpg 768w\" sizes=\"(max-width: 886px) 100vw, 886px\" \/><\/a><\/figure><div class=\"wp-block-media-text__content\">\n<p class=\"has-normal-font-size\"><strong>Mofa Pony GTX<\/strong> <strong>und Pony Cross<\/strong><br>In diversen Farben bestellbar<\/p>\n<\/div><\/div>\n\n\n\n<div style=\"height:20px\" aria-hidden=\"true\" class=\"wp-block-spacer\"><\/div>\n\n\n\n<div class=\"wp-block-media-text alignwide has-media-on-the-right is-stacked-on-mobile\"><div class=\"wp-block-media-text__content\">\n<p class=\"has-normal-font-size\"><strong>Winterprojekte<\/strong><br>Der Winter ist nun durch, die neue Saison hat begonnen und die Arbeit nimmt wieder zu. In den kalten Monaten war mir jedoch nicht langweilig, da ich mir einige Projekte (privat und auch f\u00fcr Kunden) vorgenommen habe. Sehen Sie sich <a href=\"https:\/\/www.probike-messerli.ch\/?page_id=412\">hier<\/a> mehr davon an.<\/p>\n<\/div><figure class=\"wp-block-media-text__media\"><img loading=\"lazy\" decoding=\"async\" width=\"886\" height=\"591\" src=\"https:\/\/www.probike-messerli.ch\/wp-content\/uploads\/2021\/12\/20211202_135915_web.jpg\" alt=\"\" class=\"wp-image-410 size-full\" srcset=\"https:\/\/www.probike-messerli.ch\/wp-content\/uploads\/2021\/12\/20211202_135915_web.jpg 886w, https:\/\/www.probike-messerli.ch\/wp-content\/uploads\/2021\/12\/20211202_135915_web-300x200.jpg 300w, https:\/\/www.probike-messerli.ch\/wp-content\/uploads\/2021\/12\/20211202_135915_web-768x512.jpg 768w\" sizes=\"(max-width: 886px) 100vw, 886px\" \/><\/figure><\/div>\n\n\n\n<div style=\"height:30px\" aria-hidden=\"true\" class=\"wp-block-spacer\"><\/div>\n\n\n\n<style>#wprev-slider-1 .wprev_preview_bradius_T1 {border-radius: 10px;}#wprev-slider-1 .wprev_preview_bg1_T1::after{ border-top: 30px solid ; }<\/style><style><\/style><div class=\"wprev-slider revnotsameheight\" id=\"wprev-slider-1\" data-revsameheight=\"no\" data-onemobil=\"\" data-sliderautoplay=\"\"  data-slidespeed=\"\" data-slideautodelay=\"\" data-sliderhideprevnext=\"\" data-sliderhidedots=\"\" data-sliderfixedheight=\"\"><ul><li>\t\t<div class=\"wprevpro_t1_outer_div w3_wprs-row-padding\">\r\n\t\t\t\t<div class=\"wprevpro_t1_DIV_1 w3_wprs-col l12\">\r\n\t\t\t<div class=\"indrevdiv wprevpro_t1_DIV_2 wprev_preview_bg1_T1 wprev_preview_tcolor1_T1 wprev_preview_bradius_T1\">\r\n\t\t\t\t<p class=\"wprevpro_t1_P_3 wprev_preview_tcolor1_T1\">\r\n\t\t\t\t\t<span class=\"wprevpro_star_imgs_T1\"><span class=\"starloc1 wprevpro_star_imgs wprevpro_star_imgsloc1\"><span class=\"svgicons svg-wprsp-star\"><\/span><span class=\"svgicons svg-wprsp-star\"><\/span><span class=\"svgicons svg-wprsp-star\"><\/span><span class=\"svgicons svg-wprsp-star\"><\/span><span class=\"svgicons svg-wprsp-star\"><\/span><\/span><\/span>Super Service. Habe eine kleinen Pflege am Velo machen lassen und beim Abholen wurde mir genau erkl\u00e4rt, was gemacht wurde. Mein Velo ist wieder fit und den  sympathischen Mechaniker kann ich nur empfehlen.\t\t\t\t<\/p>\r\n\t\t\t\t\t\t\t\t<a href=\"https:\/\/search.google.com\/local\/reviews?placeid=ChIJGc_P0iI3jkcRxBM0BCZFAvw\" target=\"_blank\" rel=\"nofollow noreferrer\" class=\"wprevpro_t1_site_logo_a\"><img decoding=\"async\" src=\"https:\/\/www.probike-messerli.ch\/wp-content\/plugins\/wp-google-places-review-slider\/public\/partials\/imgs\/google_small_icon.png\" alt=\"Google Logo\" class=\"wprevpro_t1_site_logo siteicon sitetype_Google\"><\/a>\t\t\t<\/div><span class=\"wprevpro_t1_A_8\"><img decoding=\"async\" src=\"https:\/\/lh3.googleusercontent.com\/a-\/ALV-UjVIuZagh66V9szE05KsDfLDoxVji8ThHUdd8rlEaYvZ7ygeYX4=s120-c-rp-mo-ba3-br100\" alt=\"Sonja Nussbaumer Avatar\" class=\"wprevpro_t1_IMG_4\" loading=\"lazy\" \/><\/span> <span class=\"wprevpro_t1_SPAN_5 wprev_preview_tcolor2_T1\">Sonja Nussbaumer<br\/><span class=\"wprev_showdate_T1\"><\/span> <\/span>\r\n\t\t<\/div>\r\n\t\t<\/div>\r\n<\/li><li class=\"wprevnextslide\">\t\t<div class=\"wprevpro_t1_outer_div w3_wprs-row-padding\">\r\n\t\t\t\t<div class=\"wprevpro_t1_DIV_1 w3_wprs-col l12\">\r\n\t\t\t<div class=\"indrevdiv wprevpro_t1_DIV_2 wprev_preview_bg1_T1 wprev_preview_tcolor1_T1 wprev_preview_bradius_T1\">\r\n\t\t\t\t<p class=\"wprevpro_t1_P_3 wprev_preview_tcolor1_T1\">\r\n\t\t\t\t\t<span class=\"wprevpro_star_imgs_T1\"><span class=\"starloc1 wprevpro_star_imgs wprevpro_star_imgsloc1\"><span class=\"svgicons svg-wprsp-star\"><\/span><span class=\"svgicons svg-wprsp-star\"><\/span><span class=\"svgicons svg-wprsp-star\"><\/span><span class=\"svgicons svg-wprsp-star\"><\/span><span class=\"svgicons svg-wprsp-star\"><\/span><\/span><\/span>Sehr zuverl\u00e4ssige Arbeit und guter Service. Mein altes Mofa wurde kompetent wieder fit gemacht. Vielen Dank.\ud83d\udc4d\t\t\t\t<\/p>\r\n\t\t\t\t\t\t\t\t<a href=\"https:\/\/search.google.com\/local\/reviews?placeid=ChIJGc_P0iI3jkcRxBM0BCZFAvw\" target=\"_blank\" rel=\"nofollow noreferrer\" class=\"wprevpro_t1_site_logo_a\"><img decoding=\"async\" src=\"https:\/\/www.probike-messerli.ch\/wp-content\/plugins\/wp-google-places-review-slider\/public\/partials\/imgs\/google_small_icon.png\" alt=\"Google Logo\" class=\"wprevpro_t1_site_logo siteicon sitetype_Google\"><\/a>\t\t\t<\/div><span class=\"wprevpro_t1_A_8\"><img decoding=\"async\" src=\"https:\/\/lh3.googleusercontent.com\/a-\/ALV-UjXqJPOcnWLfwnkiaD2CtAZlBmq9P6v6eA9zKY6rgqka5fCjIvs=s120-c-rp-mo-br100\" alt=\"Lina Luna Avatar\" class=\"wprevpro_t1_IMG_4\" loading=\"lazy\" \/><\/span> <span class=\"wprevpro_t1_SPAN_5 wprev_preview_tcolor2_T1\">Lina Luna<br\/><span class=\"wprev_showdate_T1\"><\/span> <\/span>\r\n\t\t<\/div>\r\n\t\t<\/div>\r\n<\/li><li class=\"wprevnextslide\">\t\t<div class=\"wprevpro_t1_outer_div w3_wprs-row-padding\">\r\n\t\t\t\t<div class=\"wprevpro_t1_DIV_1 w3_wprs-col l12\">\r\n\t\t\t<div class=\"indrevdiv wprevpro_t1_DIV_2 wprev_preview_bg1_T1 wprev_preview_tcolor1_T1 wprev_preview_bradius_T1\">\r\n\t\t\t\t<p class=\"wprevpro_t1_P_3 wprev_preview_tcolor1_T1\">\r\n\t\t\t\t\t<span class=\"wprevpro_star_imgs_T1\"><span class=\"starloc1 wprevpro_star_imgs wprevpro_star_imgsloc1\"><span class=\"svgicons svg-wprsp-star\"><\/span><span class=\"svgicons svg-wprsp-star\"><\/span><span class=\"svgicons svg-wprsp-star\"><\/span><span class=\"svgicons svg-wprsp-star\"><\/span><span class=\"svgicons svg-wprsp-star\"><\/span><\/span><\/span>Super Beratung. Einer der einzigen in der Region, welcher zu T\u00f6ffli vern\u00fcnftig Auskunft geben kann.\t\t\t\t<\/p>\r\n\t\t\t\t\t\t\t\t<a href=\"https:\/\/search.google.com\/local\/reviews?placeid=ChIJGc_P0iI3jkcRxBM0BCZFAvw\" target=\"_blank\" rel=\"nofollow noreferrer\" class=\"wprevpro_t1_site_logo_a\"><img decoding=\"async\" src=\"https:\/\/www.probike-messerli.ch\/wp-content\/plugins\/wp-google-places-review-slider\/public\/partials\/imgs\/google_small_icon.png\" alt=\"Google Logo\" class=\"wprevpro_t1_site_logo siteicon sitetype_Google\"><\/a>\t\t\t<\/div><span class=\"wprevpro_t1_A_8\"><img decoding=\"async\" src=\"https:\/\/lh3.googleusercontent.com\/a\/ALm5wu32q3ynbdOoCLmNB3bS9C_BuN3qLR-v2grzA1EC=s40-c-c0x00000000-cc-rp-mo-br100\" alt=\"Simon Galli Avatar\" class=\"wprevpro_t1_IMG_4\" loading=\"lazy\" \/><\/span> <span class=\"wprevpro_t1_SPAN_5 wprev_preview_tcolor2_T1\">Simon Galli<br\/><span class=\"wprev_showdate_T1\"><\/span> <\/span>\r\n\t\t<\/div>\r\n\t\t<\/div>\r\n<\/li><li class=\"wprevnextslide\">\t\t<div class=\"wprevpro_t1_outer_div w3_wprs-row-padding\">\r\n\t\t\t\t<div class=\"wprevpro_t1_DIV_1 w3_wprs-col l12\">\r\n\t\t\t<div class=\"indrevdiv wprevpro_t1_DIV_2 wprev_preview_bg1_T1 wprev_preview_tcolor1_T1 wprev_preview_bradius_T1\">\r\n\t\t\t\t<p class=\"wprevpro_t1_P_3 wprev_preview_tcolor1_T1\">\r\n\t\t\t\t\t<span class=\"wprevpro_star_imgs_T1\"><span class=\"starloc1 wprevpro_star_imgs wprevpro_star_imgsloc1\"><span class=\"svgicons svg-wprsp-star\"><\/span><span class=\"svgicons svg-wprsp-star\"><\/span><span class=\"svgicons svg-wprsp-star\"><\/span><span class=\"svgicons svg-wprsp-star\"><\/span><span class=\"svgicons svg-wprsp-star\"><\/span><\/span><\/span>Habe mein Velo in den Service gebracht. Top Service und Top Beratung. Nur zu empfehlen. Komme definitiv wieder.\t\t\t\t<\/p>\r\n\t\t\t\t\t\t\t\t<a href=\"https:\/\/search.google.com\/local\/reviews?placeid=ChIJGc_P0iI3jkcRxBM0BCZFAvw\" target=\"_blank\" rel=\"nofollow noreferrer\" class=\"wprevpro_t1_site_logo_a\"><img decoding=\"async\" src=\"https:\/\/www.probike-messerli.ch\/wp-content\/plugins\/wp-google-places-review-slider\/public\/partials\/imgs\/google_small_icon.png\" alt=\"Google Logo\" class=\"wprevpro_t1_site_logo siteicon sitetype_Google\"><\/a>\t\t\t<\/div><span class=\"wprevpro_t1_A_8\"><img decoding=\"async\" src=\"https:\/\/lh3.googleusercontent.com\/a\/ACg8ocJJZsreL6zRk28xoPwvLHaRucDp5UwzmQltJF21QfRDS2O2bw=s120-c-rp-mo-ba4-br100\" alt=\"Simon Meisel Avatar\" class=\"wprevpro_t1_IMG_4\" loading=\"lazy\" \/><\/span> <span class=\"wprevpro_t1_SPAN_5 wprev_preview_tcolor2_T1\">Simon Meisel<br\/><span class=\"wprev_showdate_T1\"><\/span> <\/span>\r\n\t\t<\/div>\r\n\t\t<\/div>\r\n<\/li><li class=\"wprevnextslide\">\t\t<div class=\"wprevpro_t1_outer_div w3_wprs-row-padding\">\r\n\t\t\t\t<div class=\"wprevpro_t1_DIV_1 w3_wprs-col l12\">\r\n\t\t\t<div class=\"indrevdiv wprevpro_t1_DIV_2 wprev_preview_bg1_T1 wprev_preview_tcolor1_T1 wprev_preview_bradius_T1\">\r\n\t\t\t\t<p class=\"wprevpro_t1_P_3 wprev_preview_tcolor1_T1\">\r\n\t\t\t\t\t<span class=\"wprevpro_star_imgs_T1\"><span class=\"starloc1 wprevpro_star_imgs wprevpro_star_imgsloc1\"><span class=\"svgicons svg-wprsp-star\"><\/span><span class=\"svgicons svg-wprsp-star\"><\/span><span class=\"svgicons svg-wprsp-star\"><\/span><span class=\"svgicons svg-wprsp-star\"><\/span><span class=\"svgicons svg-wprsp-star\"><\/span><\/span><\/span>Super Kundenservice, schnell,einfach,unkompliziert und top Fachkompetenz.\t\t\t\t<\/p>\r\n\t\t\t\t\t\t\t\t<a href=\"https:\/\/search.google.com\/local\/reviews?placeid=ChIJGc_P0iI3jkcRxBM0BCZFAvw\" target=\"_blank\" rel=\"nofollow noreferrer\" class=\"wprevpro_t1_site_logo_a\"><img decoding=\"async\" src=\"https:\/\/www.probike-messerli.ch\/wp-content\/plugins\/wp-google-places-review-slider\/public\/partials\/imgs\/google_small_icon.png\" alt=\"Google Logo\" class=\"wprevpro_t1_site_logo siteicon sitetype_Google\"><\/a>\t\t\t<\/div><span class=\"wprevpro_t1_A_8\"><img decoding=\"async\" src=\"https:\/\/lh3.googleusercontent.com\/a\/ALm5wu3hB1b5xw_mIIAqxmekFtuw0Fr08tOlcCgJymHN=s40-c-c0x00000000-cc-rp-mo-br100\" alt=\"Brian Prina Avatar\" class=\"wprevpro_t1_IMG_4\" loading=\"lazy\" \/><\/span> <span class=\"wprevpro_t1_SPAN_5 wprev_preview_tcolor2_T1\">Brian Prina<br\/><span class=\"wprev_showdate_T1\"><\/span> <\/span>\r\n\t\t<\/div>\r\n\t\t<\/div>\r\n<\/li><li class=\"wprevnextslide\">\t\t<div class=\"wprevpro_t1_outer_div w3_wprs-row-padding\">\r\n\t\t\t\t<div class=\"wprevpro_t1_DIV_1 w3_wprs-col l12\">\r\n\t\t\t<div class=\"indrevdiv wprevpro_t1_DIV_2 wprev_preview_bg1_T1 wprev_preview_tcolor1_T1 wprev_preview_bradius_T1\">\r\n\t\t\t\t<p class=\"wprevpro_t1_P_3 wprev_preview_tcolor1_T1\">\r\n\t\t\t\t\t<span class=\"wprevpro_star_imgs_T1\"><span class=\"starloc1 wprevpro_star_imgs wprevpro_star_imgsloc1\"><span class=\"svgicons svg-wprsp-star\"><\/span><span class=\"svgicons svg-wprsp-star\"><\/span><span class=\"svgicons svg-wprsp-star\"><\/span><span class=\"svgicons svg-wprsp-star\"><\/span><span class=\"svgicons svg-wprsp-star\"><\/span><\/span><\/span>Very \ud83d\udc4d, professional. I always service my scooter.\t\t\t\t<\/p>\r\n\t\t\t\t\t\t\t\t<a href=\"https:\/\/search.google.com\/local\/reviews?placeid=ChIJGc_P0iI3jkcRxBM0BCZFAvw\" target=\"_blank\" rel=\"nofollow noreferrer\" class=\"wprevpro_t1_site_logo_a\"><img decoding=\"async\" src=\"https:\/\/www.probike-messerli.ch\/wp-content\/plugins\/wp-google-places-review-slider\/public\/partials\/imgs\/google_small_icon.png\" alt=\"Google Logo\" class=\"wprevpro_t1_site_logo siteicon sitetype_Google\"><\/a>\t\t\t<\/div><span class=\"wprevpro_t1_A_8\"><img decoding=\"async\" src=\"https:\/\/lh3.googleusercontent.com\/a\/ALm5wu3OGHlcFrwCkmhcwSRvG08rpJqHOfIxZKqoEomi=s40-c-c0x00000000-cc-rp-mo-ba3-br100\" alt=\"Sanjay Jad Avatar\" class=\"wprevpro_t1_IMG_4\" loading=\"lazy\" \/><\/span> <span class=\"wprevpro_t1_SPAN_5 wprev_preview_tcolor2_T1\">Sanjay Jad<br\/><span class=\"wprev_showdate_T1\"><\/span> <\/span>\r\n\t\t<\/div>\r\n\t\t<\/div>\r\n<\/li><li class=\"wprevnextslide\">\t\t<div class=\"wprevpro_t1_outer_div w3_wprs-row-padding\">\r\n\t\t\t\t<div class=\"wprevpro_t1_DIV_1 w3_wprs-col l12\">\r\n\t\t\t<div class=\"indrevdiv wprevpro_t1_DIV_2 wprev_preview_bg1_T1 wprev_preview_tcolor1_T1 wprev_preview_bradius_T1\">\r\n\t\t\t\t<p class=\"wprevpro_t1_P_3 wprev_preview_tcolor1_T1\">\r\n\t\t\t\t\t<span class=\"wprevpro_star_imgs_T1\"><span class=\"starloc1 wprevpro_star_imgs wprevpro_star_imgsloc1\"><span class=\"svgicons svg-wprsp-star\"><\/span><span class=\"svgicons svg-wprsp-star\"><\/span><span class=\"svgicons svg-wprsp-star\"><\/span><span class=\"svgicons svg-wprsp-star\"><\/span><span class=\"svgicons svg-wprsp-star\"><\/span><\/span><\/span>Bisher immer sehr zu meiner Zufriedenheit. Sehr zu empfehlen \ud83d\udc4c\t\t\t\t<\/p>\r\n\t\t\t\t\t\t\t\t<a href=\"https:\/\/search.google.com\/local\/reviews?placeid=ChIJGc_P0iI3jkcRxBM0BCZFAvw\" target=\"_blank\" rel=\"nofollow noreferrer\" class=\"wprevpro_t1_site_logo_a\"><img decoding=\"async\" src=\"https:\/\/www.probike-messerli.ch\/wp-content\/plugins\/wp-google-places-review-slider\/public\/partials\/imgs\/google_small_icon.png\" alt=\"Google Logo\" class=\"wprevpro_t1_site_logo siteicon sitetype_Google\"><\/a>\t\t\t<\/div><span class=\"wprevpro_t1_A_8\"><img decoding=\"async\" src=\"https:\/\/lh3.googleusercontent.com\/a-\/ALV-UjXdZ_OnmlLfltlTfZAobogKjb4ktXqIy8ykQcbWy-MXs_XNWkvG=s120-c-rp-mo-ba2-br100\" alt=\"AnubisXtreme Avatar\" class=\"wprevpro_t1_IMG_4\" loading=\"lazy\" \/><\/span> <span class=\"wprevpro_t1_SPAN_5 wprev_preview_tcolor2_T1\">AnubisXtreme<br\/><span class=\"wprev_showdate_T1\"><\/span> <\/span>\r\n\t\t<\/div>\r\n\t\t<\/div>\r\n<\/li><li class=\"wprevnextslide\">\t\t<div class=\"wprevpro_t1_outer_div w3_wprs-row-padding\">\r\n\t\t\t\t<div class=\"wprevpro_t1_DIV_1 w3_wprs-col l12\">\r\n\t\t\t<div class=\"indrevdiv wprevpro_t1_DIV_2 wprev_preview_bg1_T1 wprev_preview_tcolor1_T1 wprev_preview_bradius_T1\">\r\n\t\t\t\t<p class=\"wprevpro_t1_P_3 wprev_preview_tcolor1_T1\">\r\n\t\t\t\t\t<span class=\"wprevpro_star_imgs_T1\"><span class=\"starloc1 wprevpro_star_imgs wprevpro_star_imgsloc1\"><span class=\"svgicons svg-wprsp-star\"><\/span><span class=\"svgicons svg-wprsp-star\"><\/span><span class=\"svgicons svg-wprsp-star\"><\/span><span class=\"svgicons svg-wprsp-star\"><\/span><span class=\"svgicons svg-wprsp-star\"><\/span><\/span><\/span>Reifenwechsel an meinem Motorrad ging einfach, unkompliziert und zu einem sehr vern\u00fcnftigen Preis. Auch der Umbau von meinem Brems-\/Kupplungshebel wurde profesionell und zu meiner vollsten Zufriedenheit ausgef\u00fchrt. Martin hat sich auch meiner Pitbike Gabel angenommen und den Servie bzw. \u00d6lwechsel nach meinen W\u00fcnschen ausgef\u00fchrt - super! Motor- und Fahrr\u00e4der sind hier nicht nur Arbeit sondern eine Leidenschaft und das merkt man als Kunde. Merci, gerne wieder und bis bald.\t\t\t\t<\/p>\r\n\t\t\t\t\t\t\t\t<a href=\"https:\/\/search.google.com\/local\/reviews?placeid=ChIJGc_P0iI3jkcRxBM0BCZFAvw\" target=\"_blank\" rel=\"nofollow noreferrer\" class=\"wprevpro_t1_site_logo_a\"><img decoding=\"async\" src=\"https:\/\/www.probike-messerli.ch\/wp-content\/plugins\/wp-google-places-review-slider\/public\/partials\/imgs\/google_small_icon.png\" alt=\"Google Logo\" class=\"wprevpro_t1_site_logo siteicon sitetype_Google\"><\/a>\t\t\t<\/div><span class=\"wprevpro_t1_A_8\"><img decoding=\"async\" src=\"https:\/\/lh3.googleusercontent.com\/a-\/ACNPEu-wDLUP9zXObGPsmzMAt-ehIh4iOAAV46r4KKXMNQ=s40-c-c0x00000000-cc-rp-mo-br100\" alt=\"Thomas Gosteli Avatar\" class=\"wprevpro_t1_IMG_4\" loading=\"lazy\" \/><\/span> <span class=\"wprevpro_t1_SPAN_5 wprev_preview_tcolor2_T1\">Thomas Gosteli<br\/><span class=\"wprev_showdate_T1\"><\/span> <\/span>\r\n\t\t<\/div>\r\n\t\t<\/div>\r\n<\/li><li class=\"wprevnextslide\">\t\t<div class=\"wprevpro_t1_outer_div w3_wprs-row-padding\">\r\n\t\t\t\t<div class=\"wprevpro_t1_DIV_1 w3_wprs-col l12\">\r\n\t\t\t<div class=\"indrevdiv wprevpro_t1_DIV_2 wprev_preview_bg1_T1 wprev_preview_tcolor1_T1 wprev_preview_bradius_T1\">\r\n\t\t\t\t<p class=\"wprevpro_t1_P_3 wprev_preview_tcolor1_T1\">\r\n\t\t\t\t\t<span class=\"wprevpro_star_imgs_T1\"><span class=\"starloc1 wprevpro_star_imgs wprevpro_star_imgsloc1\"><span class=\"svgicons svg-wprsp-star\"><\/span><span class=\"svgicons svg-wprsp-star\"><\/span><span class=\"svgicons svg-wprsp-star\"><\/span><span class=\"svgicons svg-wprsp-star\"><\/span><span class=\"svgicons svg-wprsp-star\"><\/span><\/span><\/span>Sehr guter und preiswerter \"Velomech\". Ich gebe bei Bedarf mein Velo immer hier in Service. Dabei wird nicht sinnlose Zeugs ersetzt und wenn etwas mehr zu ersetzen ist, wird nachgefragt. Sehr unkompliziertes deponieren vom Velo am Abend m\u00f6glich. Mein Go-To! \ud83d\udc4d\ud83d\ude01\t\t\t\t<\/p>\r\n\t\t\t\t\t\t\t\t<a href=\"https:\/\/search.google.com\/local\/reviews?placeid=ChIJGc_P0iI3jkcRxBM0BCZFAvw\" target=\"_blank\" rel=\"nofollow noreferrer\" class=\"wprevpro_t1_site_logo_a\"><img decoding=\"async\" src=\"https:\/\/www.probike-messerli.ch\/wp-content\/plugins\/wp-google-places-review-slider\/public\/partials\/imgs\/google_small_icon.png\" alt=\"Google Logo\" class=\"wprevpro_t1_site_logo siteicon sitetype_Google\"><\/a>\t\t\t<\/div><span class=\"wprevpro_t1_A_8\"><img decoding=\"async\" src=\"https:\/\/lh3.googleusercontent.com\/a-\/ACNPEu8R8sH0kIkp_SY_Gt-PIgwH-nvKpeNqH7ARuBoL=s40-c-c0x00000000-cc-rp-mo-ba5-br100\" alt=\"Thomas Rufer Avatar\" class=\"wprevpro_t1_IMG_4\" loading=\"lazy\" \/><\/span> <span class=\"wprevpro_t1_SPAN_5 wprev_preview_tcolor2_T1\">Thomas Rufer<br\/><span class=\"wprev_showdate_T1\"><\/span> <\/span>\r\n\t\t<\/div>\r\n\t\t<\/div>\r\n<\/li><li class=\"wprevnextslide\">\t\t<div class=\"wprevpro_t1_outer_div w3_wprs-row-padding\">\r\n\t\t\t\t<div class=\"wprevpro_t1_DIV_1 w3_wprs-col l12\">\r\n\t\t\t<div class=\"indrevdiv wprevpro_t1_DIV_2 wprev_preview_bg1_T1 wprev_preview_tcolor1_T1 wprev_preview_bradius_T1\">\r\n\t\t\t\t<p class=\"wprevpro_t1_P_3 wprev_preview_tcolor1_T1\">\r\n\t\t\t\t\t<span class=\"wprevpro_star_imgs_T1\"><span class=\"starloc1 wprevpro_star_imgs wprevpro_star_imgsloc1\"><span class=\"svgicons svg-wprsp-star\"><\/span><span class=\"svgicons svg-wprsp-star\"><\/span><span class=\"svgicons svg-wprsp-star\"><\/span><span class=\"svgicons svg-wprsp-star\"><\/span><span class=\"svgicons svg-wprsp-star\"><\/span><\/span><\/span>Sehr Kundenfreundlich, riesen Fachwissen und saubere Arbeit!\t\t\t\t<\/p>\r\n\t\t\t\t\t\t\t\t<a href=\"https:\/\/search.google.com\/local\/reviews?placeid=ChIJGc_P0iI3jkcRxBM0BCZFAvw\" target=\"_blank\" rel=\"nofollow noreferrer\" class=\"wprevpro_t1_site_logo_a\"><img decoding=\"async\" src=\"https:\/\/www.probike-messerli.ch\/wp-content\/plugins\/wp-google-places-review-slider\/public\/partials\/imgs\/google_small_icon.png\" alt=\"Google Logo\" class=\"wprevpro_t1_site_logo siteicon sitetype_Google\"><\/a>\t\t\t<\/div><span class=\"wprevpro_t1_A_8\"><img decoding=\"async\" src=\"https:\/\/lh3.googleusercontent.com\/a-\/ACNPEu9kOazCaaL21o-HDY4v2UPSyO4D60D7FFeYHNzF=s40-c-c0x00000000-cc-rp-mo-br100\" alt=\"Camille Hofmann Avatar\" class=\"wprevpro_t1_IMG_4\" loading=\"lazy\" \/><\/span> <span class=\"wprevpro_t1_SPAN_5 wprev_preview_tcolor2_T1\">Camille Hofmann<br\/><span class=\"wprev_showdate_T1\"><\/span> <\/span>\r\n\t\t<\/div>\r\n\t\t<\/div>\r\n<\/li><\/ul><\/div>\r\n\n","protected":false},"excerpt":{"rendered":"<p>Ihr Fachmann f\u00fcr Fahrr\u00e4der, Mofas, Roller und Motorr\u00e4der. Mofa Puch Maxi-SNeu aufgebautes Puch Maxi-S.Rahmen und Felgen wurden pulverbeschichtet.Motor komplett frisch aufgebaut. Sehen Sie sich hier mehr dazu an. YB Meister-RollerNeuer Sym Fiddle IV, Euro 5Hubraum: 125 ccmJahrgang: 2023 Sehen Sie sich hier mehr dazu an. Mofa Pony GTX und Pony CrossIn diversen Farben bestellbar WinterprojekteDer [&hellip;]<\/p>\n","protected":false},"author":1,"featured_media":0,"parent":0,"menu_order":0,"comment_status":"closed","ping_status":"open","template":"","meta":{"footnotes":""},"class_list":["post-2","page","type-page","status-publish","hentry"],"yoast_head":"<!-- This site is optimized with the Yoast SEO plugin v25.6 - https:\/\/yoast.com\/wordpress\/plugins\/seo\/ -->\n<title>Pro Bike Messerli &#8211; Pro Bike Messerli<\/title>\n<meta name=\"description\" content=\"Ihr Fachmann f\u00fcr Fahrr\u00e4der, Mofas, Roller und Motorr\u00e4der in Bern.\" \/>\n<meta name=\"robots\" content=\"index, follow, max-snippet:-1, max-image-preview:large, max-video-preview:-1\" \/>\n<link rel=\"canonical\" href=\"https:\/\/www.probike-messerli.ch\/\" \/>\n<meta property=\"og:locale\" content=\"en_US\" \/>\n<meta property=\"og:type\" content=\"article\" \/>\n<meta property=\"og:title\" content=\"Pro Bike Messerli &#8211; Pro Bike Messerli\" \/>\n<meta property=\"og:description\" content=\"Ihr Fachmann f\u00fcr Fahrr\u00e4der, Mofas, Roller und Motorr\u00e4der in Bern.\" \/>\n<meta property=\"og:url\" content=\"https:\/\/www.probike-messerli.ch\/\" \/>\n<meta property=\"og:site_name\" content=\"Pro Bike Messerli\" \/>\n<meta property=\"article:modified_time\" content=\"2025-03-20T02:22:20+00:00\" \/>\n<meta property=\"og:image\" content=\"https:\/\/www.probike-messerli.ch\/wp-content\/uploads\/2024\/02\/IMG20240215175701-2.jpg\" \/>\n\t<meta property=\"og:image:width\" content=\"2048\" \/>\n\t<meta property=\"og:image:height\" content=\"1365\" \/>\n\t<meta property=\"og:image:type\" content=\"image\/jpeg\" \/>\n<meta name=\"twitter:card\" content=\"summary_large_image\" \/>\n<meta name=\"twitter:label1\" content=\"Est. reading time\" \/>\n\t<meta name=\"twitter:data1\" content=\"2 minutes\" \/>\n<script type=\"application\/ld+json\" class=\"yoast-schema-graph\">{\"@context\":\"https:\/\/schema.org\",\"@graph\":[{\"@type\":\"WebPage\",\"@id\":\"https:\/\/www.probike-messerli.ch\/\",\"url\":\"https:\/\/www.probike-messerli.ch\/\",\"name\":\"Pro Bike Messerli &#8211; Pro Bike Messerli\",\"isPartOf\":{\"@id\":\"https:\/\/www.probike-messerli.ch\/#website\"},\"primaryImageOfPage\":{\"@id\":\"https:\/\/www.probike-messerli.ch\/#primaryimage\"},\"image\":{\"@id\":\"https:\/\/www.probike-messerli.ch\/#primaryimage\"},\"thumbnailUrl\":\"https:\/\/www.probike-messerli.ch\/wp-content\/uploads\/2024\/02\/IMG20240215175701-2-1024x683.jpg\",\"datePublished\":\"2021-04-07T10:43:33+00:00\",\"dateModified\":\"2025-03-20T02:22:20+00:00\",\"description\":\"Ihr Fachmann f\u00fcr Fahrr\u00e4der, Mofas, Roller und Motorr\u00e4der in Bern.\",\"breadcrumb\":{\"@id\":\"https:\/\/www.probike-messerli.ch\/#breadcrumb\"},\"inLanguage\":\"en-US\",\"potentialAction\":[{\"@type\":\"ReadAction\",\"target\":[\"https:\/\/www.probike-messerli.ch\/\"]}]},{\"@type\":\"ImageObject\",\"inLanguage\":\"en-US\",\"@id\":\"https:\/\/www.probike-messerli.ch\/#primaryimage\",\"url\":\"https:\/\/www.probike-messerli.ch\/wp-content\/uploads\/2024\/02\/IMG20240215175701-2.jpg\",\"contentUrl\":\"https:\/\/www.probike-messerli.ch\/wp-content\/uploads\/2024\/02\/IMG20240215175701-2.jpg\",\"width\":2048,\"height\":1365},{\"@type\":\"BreadcrumbList\",\"@id\":\"https:\/\/www.probike-messerli.ch\/#breadcrumb\",\"itemListElement\":[{\"@type\":\"ListItem\",\"position\":1,\"name\":\"Home\",\"item\":\"https:\/\/www.probike-messerli.ch\/\"},{\"@type\":\"ListItem\",\"position\":2,\"name\":\"Pro Bike Messerli\"}]},{\"@type\":\"WebSite\",\"@id\":\"https:\/\/www.probike-messerli.ch\/#website\",\"url\":\"https:\/\/www.probike-messerli.ch\/\",\"name\":\"Pro Bike Messerli\",\"description\":\"Velo - Mofa - Roller - Motorrad\",\"publisher\":{\"@id\":\"https:\/\/www.probike-messerli.ch\/#organization\"},\"potentialAction\":[{\"@type\":\"SearchAction\",\"target\":{\"@type\":\"EntryPoint\",\"urlTemplate\":\"https:\/\/www.probike-messerli.ch\/?s={search_term_string}\"},\"query-input\":{\"@type\":\"PropertyValueSpecification\",\"valueRequired\":true,\"valueName\":\"search_term_string\"}}],\"inLanguage\":\"en-US\"},{\"@type\":\"Organization\",\"@id\":\"https:\/\/www.probike-messerli.ch\/#organization\",\"name\":\"Pro Bike Messerli\",\"url\":\"https:\/\/www.probike-messerli.ch\/\",\"logo\":{\"@type\":\"ImageObject\",\"inLanguage\":\"en-US\",\"@id\":\"https:\/\/www.probike-messerli.ch\/#\/schema\/logo\/image\/\",\"url\":\"https:\/\/www.probike-messerli.ch\/wp-content\/uploads\/2021\/04\/Pro_Bike_Messerli_schwarz_bkgnd.png\",\"contentUrl\":\"https:\/\/www.probike-messerli.ch\/wp-content\/uploads\/2021\/04\/Pro_Bike_Messerli_schwarz_bkgnd.png\",\"width\":1063,\"height\":1063,\"caption\":\"Pro Bike Messerli\"},\"image\":{\"@id\":\"https:\/\/www.probike-messerli.ch\/#\/schema\/logo\/image\/\"},\"sameAs\":[\"https:\/\/www.instagram.com\/probike_messerli\/\"]}]}<\/script>\n<!-- \/ Yoast SEO plugin. -->","yoast_head_json":{"title":"Pro Bike Messerli &#8211; Pro Bike Messerli","description":"Ihr Fachmann f\u00fcr Fahrr\u00e4der, Mofas, Roller und Motorr\u00e4der in Bern.","robots":{"index":"index","follow":"follow","max-snippet":"max-snippet:-1","max-image-preview":"max-image-preview:large","max-video-preview":"max-video-preview:-1"},"canonical":"https:\/\/www.probike-messerli.ch\/","og_locale":"en_US","og_type":"article","og_title":"Pro Bike Messerli &#8211; Pro Bike Messerli","og_description":"Ihr Fachmann f\u00fcr Fahrr\u00e4der, Mofas, Roller und Motorr\u00e4der in Bern.","og_url":"https:\/\/www.probike-messerli.ch\/","og_site_name":"Pro Bike Messerli","article_modified_time":"2025-03-20T02:22:20+00:00","og_image":[{"width":2048,"height":1365,"url":"https:\/\/www.probike-messerli.ch\/wp-content\/uploads\/2024\/02\/IMG20240215175701-2.jpg","type":"image\/jpeg"}],"twitter_card":"summary_large_image","twitter_misc":{"Est. reading time":"2 minutes"},"schema":{"@context":"https:\/\/schema.org","@graph":[{"@type":"WebPage","@id":"https:\/\/www.probike-messerli.ch\/","url":"https:\/\/www.probike-messerli.ch\/","name":"Pro Bike Messerli &#8211; Pro Bike Messerli","isPartOf":{"@id":"https:\/\/www.probike-messerli.ch\/#website"},"primaryImageOfPage":{"@id":"https:\/\/www.probike-messerli.ch\/#primaryimage"},"image":{"@id":"https:\/\/www.probike-messerli.ch\/#primaryimage"},"thumbnailUrl":"https:\/\/www.probike-messerli.ch\/wp-content\/uploads\/2024\/02\/IMG20240215175701-2-1024x683.jpg","datePublished":"2021-04-07T10:43:33+00:00","dateModified":"2025-03-20T02:22:20+00:00","description":"Ihr Fachmann f\u00fcr Fahrr\u00e4der, Mofas, Roller und Motorr\u00e4der in Bern.","breadcrumb":{"@id":"https:\/\/www.probike-messerli.ch\/#breadcrumb"},"inLanguage":"en-US","potentialAction":[{"@type":"ReadAction","target":["https:\/\/www.probike-messerli.ch\/"]}]},{"@type":"ImageObject","inLanguage":"en-US","@id":"https:\/\/www.probike-messerli.ch\/#primaryimage","url":"https:\/\/www.probike-messerli.ch\/wp-content\/uploads\/2024\/02\/IMG20240215175701-2.jpg","contentUrl":"https:\/\/www.probike-messerli.ch\/wp-content\/uploads\/2024\/02\/IMG20240215175701-2.jpg","width":2048,"height":1365},{"@type":"BreadcrumbList","@id":"https:\/\/www.probike-messerli.ch\/#breadcrumb","itemListElement":[{"@type":"ListItem","position":1,"name":"Home","item":"https:\/\/www.probike-messerli.ch\/"},{"@type":"ListItem","position":2,"name":"Pro Bike Messerli"}]},{"@type":"WebSite","@id":"https:\/\/www.probike-messerli.ch\/#website","url":"https:\/\/www.probike-messerli.ch\/","name":"Pro Bike Messerli","description":"Velo - Mofa - Roller - Motorrad","publisher":{"@id":"https:\/\/www.probike-messerli.ch\/#organization"},"potentialAction":[{"@type":"SearchAction","target":{"@type":"EntryPoint","urlTemplate":"https:\/\/www.probike-messerli.ch\/?s={search_term_string}"},"query-input":{"@type":"PropertyValueSpecification","valueRequired":true,"valueName":"search_term_string"}}],"inLanguage":"en-US"},{"@type":"Organization","@id":"https:\/\/www.probike-messerli.ch\/#organization","name":"Pro Bike Messerli","url":"https:\/\/www.probike-messerli.ch\/","logo":{"@type":"ImageObject","inLanguage":"en-US","@id":"https:\/\/www.probike-messerli.ch\/#\/schema\/logo\/image\/","url":"https:\/\/www.probike-messerli.ch\/wp-content\/uploads\/2021\/04\/Pro_Bike_Messerli_schwarz_bkgnd.png","contentUrl":"https:\/\/www.probike-messerli.ch\/wp-content\/uploads\/2021\/04\/Pro_Bike_Messerli_schwarz_bkgnd.png","width":1063,"height":1063,"caption":"Pro Bike Messerli"},"image":{"@id":"https:\/\/www.probike-messerli.ch\/#\/schema\/logo\/image\/"},"sameAs":["https:\/\/www.instagram.com\/probike_messerli\/"]}]}},"_links":{"self":[{"href":"https:\/\/www.probike-messerli.ch\/index.php?rest_route=\/wp\/v2\/pages\/2"}],"collection":[{"href":"https:\/\/www.probike-messerli.ch\/index.php?rest_route=\/wp\/v2\/pages"}],"about":[{"href":"https:\/\/www.probike-messerli.ch\/index.php?rest_route=\/wp\/v2\/types\/page"}],"author":[{"embeddable":true,"href":"https:\/\/www.probike-messerli.ch\/index.php?rest_route=\/wp\/v2\/users\/1"}],"replies":[{"embeddable":true,"href":"https:\/\/www.probike-messerli.ch\/index.php?rest_route=%2Fwp%2Fv2%2Fcomments&post=2"}],"version-history":[{"count":63,"href":"https:\/\/www.probike-messerli.ch\/index.php?rest_route=\/wp\/v2\/pages\/2\/revisions"}],"predecessor-version":[{"id":718,"href":"https:\/\/www.probike-messerli.ch\/index.php?rest_route=\/wp\/v2\/pages\/2\/revisions\/718"}],"wp:attachment":[{"href":"https:\/\/www.probike-messerli.ch\/index.php?rest_route=%2Fwp%2Fv2%2Fmedia&parent=2"}],"curies":[{"name":"wp","href":"https:\/\/api.w.org\/{rel}","templated":true}]}}